{"id":1190,"date":"2014-08-06T19:29:28","date_gmt":"2014-08-06T19:29:28","guid":{"rendered":"http:\/\/www.xn--die-pfeffermhlen-uzb.de\/?page_id=1190"},"modified":"2022-10-12T11:08:25","modified_gmt":"2022-10-12T11:08:25","slug":"feedbacks","status":"publish","type":"page","link":"https:\/\/www.xn--die-pfeffermhlen-uzb.de\/en\/blog\/die-schoensten-pfeffermuehlen-aus-holz\/feedbacks\/","title":{"rendered":"FEEDBACKS"},"content":{"rendered":"<p class=\"qtranxs-available-languages-message qtranxs-available-languages-message-en\">Sorry, this entry is only available in <a href=\"https:\/\/www.xn--die-pfeffermhlen-uzb.de\/de\/wp-json\/wp\/v2\/pages\/1190\" class=\"qtranxs-available-language-link qtranxs-available-language-link-de\" title=\"Deutsch\">German<\/a>. For the sake of viewer convenience, the content is shown below in the alternative language. You may click the link to switch the active language.<\/p><p><div id=\"metaslider-id-3398\" style=\"max-width: 700px;\" class=\"ml-slider-3-108-0 metaslider metaslider-flex metaslider-3398 ml-slider ms-theme-default nav-hidden\" role=\"region\" aria-label=\"Neue Diashow\" data-height=\"450\" data-width=\"700\">\n    <div id=\"metaslider_container_3398\">\n        <div id=\"metaslider_3398\" class=\"flexslider\">\n            <ul class='slides'>\n                <li style=\"display: block; width: 100%;\" class=\"slide-3399 ms-image \" aria-roledescription=\"slide\" data-date=\"2016-03-08 17:40:37\" data-filename=\"2-unikate.png\" data-slide-type=\"image\"><img src=\"https:\/\/www.xn--die-pfeffermhlen-uzb.de\/wp-content\/uploads\/2016\/03\/2-unikate.png\" height=\"450\" width=\"700\" alt=\"Woodandform Salz- und Pfefferm\u00fchlen \u2013 Unikate in Handarbeit\" class=\"slider-3398 slide-3399 msDefaultImage\" title=\"Woodandform Salz- und Pfefferm\u00fchlen \u2013 Unikate in Handarbeit\" \/><\/li>\n                <li style=\"display: none; width: 100%;\" class=\"slide-3400 ms-image \" aria-roledescription=\"slide\" data-date=\"2016-03-08 17:40:38\" data-filename=\"2-startmuehle.png\" data-slide-type=\"image\"><img src=\"https:\/\/www.xn--die-pfeffermhlen-uzb.de\/wp-content\/uploads\/2016\/03\/2-startmuehle.png\" height=\"450\" width=\"700\" alt=\"Woodandform Salz- und Pfefferm\u00fchlen \u2013 Unikate aus edlem Holz\" class=\"slider-3398 slide-3400 msDefaultImage\" title=\"Woodandform Salz- und Pfefferm\u00fchlen \u2013 Unikate aus edlem Holz\" \/><\/li>\n                <li style=\"display: none; width: 100%;\" class=\"slide-3401 ms-image \" aria-roledescription=\"slide\" data-date=\"2016-03-08 17:40:40\" data-filename=\"2-pfeffer.png\" data-slide-type=\"image\"><img src=\"https:\/\/www.xn--die-pfeffermhlen-uzb.de\/wp-content\/uploads\/2016\/03\/2-pfeffer.png\" height=\"450\" width=\"700\" alt=\"Woodandform Salz- und Pfefferm\u00fchlen \u2013 Keramikmahlwerk einfach zubef\u00fcllen\" class=\"slider-3398 slide-3401 msDefaultImage\" title=\"Woodandform Salz- und Pfefferm\u00fchlen \u2013 Keramikmahlwerk einfach zubef\u00fcllen\" \/><\/li>\n                <li style=\"display: none; width: 100%;\" class=\"slide-3402 ms-image \" aria-roledescription=\"slide\" data-date=\"2016-03-08 17:40:41\" data-filename=\"2-mahlwerk.png\" data-slide-type=\"image\"><img src=\"https:\/\/www.xn--die-pfeffermhlen-uzb.de\/wp-content\/uploads\/2016\/03\/2-mahlwerk.png\" height=\"450\" width=\"700\" alt=\"Woodandform Salz- und Pfefferm\u00fchlen \u2013 mit hochwertigem Keramikmahlwerk \" class=\"slider-3398 slide-3402 msDefaultImage\" title=\"Woodandform Salz- und Pfefferm\u00fchlen \u2013 mit hochwertigem Keramikmahlwerk \" \/><\/li>\n                <li style=\"display: none; width: 100%;\" class=\"slide-3403 ms-image \" aria-roledescription=\"slide\" data-date=\"2016-03-08 17:40:43\" data-filename=\"2-grundform.png\" data-slide-type=\"image\"><img src=\"https:\/\/www.xn--die-pfeffermhlen-uzb.de\/wp-content\/uploads\/2016\/03\/2-grundform.png\" height=\"450\" width=\"700\" alt=\"Woodandform Salz- und Pfefferm\u00fchlen \u2013 mit quadratischer Grundform\" class=\"slider-3398 slide-3403 msDefaultImage\" title=\"Woodandform Salz- und Pfefferm\u00fchlen \u2013 mit quadratischer Grundform\" \/><\/li>\n                <li style=\"display: none; width: 100%;\" class=\"slide-3404 ms-image \" aria-roledescription=\"slide\" data-date=\"2016-03-08 17:40:44\" data-filename=\"2-amboina.png\" data-slide-type=\"image\"><img src=\"https:\/\/www.xn--die-pfeffermhlen-uzb.de\/wp-content\/uploads\/2016\/03\/2-amboina.png\" height=\"450\" width=\"700\" alt=\"\" class=\"slider-3398 slide-3404 msDefaultImage\" \/><\/li>\n            <\/ul>\n        <\/div>\n        \n    <\/div>\n<\/div><\/p>\n<h1>Wir freuen uns sehr \u00fcber die Feedbacks unserer Kunden:<\/h1>\n<p>\u201eIch habe mich ja lange durch die sch\u00f6nsten Pfefferm\u00fchlen der Welt gew\u00fchlt und freue mich sehr, dass ich Eure gefunden habe. Es sind <strong>f\u00fcr mich mit Abstand die Sch\u00f6nsten<\/strong>. Sie stehen jetzt bei mir auf dem Esstisch und in der K\u00fcche werden sie mit Freude t\u00e4glich eifrig benutzt.\u201c <strong>Sarah Wiener, prominente Fernsehk\u00f6chin aus Berlin, Mai 2020<\/strong><br \/>\n&#8230;<\/p>\n<p>Nochmal herzlichen Dank f\u00fcr Ihre Zeit und Ihre Geduld mit uns. Die M\u00fchlen sind gut angekommen und haben ihre Ehrenpl\u00e4tze schon eingenommen. T\u00e4glich traumhaft mit denen zu w\u00fcrzen, das ist etwas ganz anderes und ein sch\u00f6nes \u201eRitual\u201c die Mahlzeit zu veredeln. Tolle Produkte! Herr A. Sept. 2022<\/p>\n<p><a href=\"https:\/\/www.xn--die-pfeffermhlen-uzb.de\/wp-content\/uploads\/2014\/08\/image002.jpg\"><img decoding=\"async\" loading=\"lazy\" class=\"alignnone wp-image-8633 size-thumbnail\" src=\"https:\/\/www.xn--die-pfeffermhlen-uzb.de\/wp-content\/uploads\/2014\/08\/image002-150x150.jpg\" alt=\"\" width=\"150\" height=\"150\" srcset=\"https:\/\/www.xn--die-pfeffermhlen-uzb.de\/wp-content\/uploads\/2014\/08\/image002-150x150.jpg 150w, https:\/\/www.xn--die-pfeffermhlen-uzb.de\/wp-content\/uploads\/2014\/08\/image002-100x100.jpg 100w\" sizes=\"(max-width: 150px) 100vw, 150px\" \/>\u00a0\u00a0\u00a0<\/a><a href=\"https:\/\/www.xn--die-pfeffermhlen-uzb.de\/wp-content\/uploads\/2014\/08\/IMG_9904.jpg\"><img decoding=\"async\" loading=\"lazy\" class=\"alignnone wp-image-8632 size-thumbnail\" src=\"https:\/\/www.xn--die-pfeffermhlen-uzb.de\/wp-content\/uploads\/2014\/08\/IMG_9904-150x150.jpg\" alt=\"\" width=\"150\" height=\"150\" srcset=\"https:\/\/www.xn--die-pfeffermhlen-uzb.de\/wp-content\/uploads\/2014\/08\/IMG_9904-150x150.jpg 150w, https:\/\/www.xn--die-pfeffermhlen-uzb.de\/wp-content\/uploads\/2014\/08\/IMG_9904-100x100.jpg 100w\" sizes=\"(max-width: 150px) 100vw, 150px\" \/><\/a><\/p>\n<p>&#8230;<\/p>\n<p>Vielen herzlichen Dank f\u00fcr die schnelle, unb\u00fcrokratische Hilfe bei der Behebung der Funktionsst\u00f6rung unserer M\u00fchle und Ihren Einsatz am Wochenende. Das ist nicht selbstverst\u00e4ndlich, sorgt aber f\u00fcr absolute Kundenbindung und sehr positive Mundpropaganda, die wir gerne f\u00fcr woodandform machen. Herr K., Juli 2022<br \/>\n&#8230;<\/p>\n<div class=\"\">\n<div class=\"\"><a href=\"https:\/\/www.xn--die-pfeffermhlen-uzb.de\/wp-content\/uploads\/2014\/08\/IMG_3834.jpeg\"><img decoding=\"async\" loading=\"lazy\" class=\"alignleft wp-image-7483 size-thumbnail\" src=\"https:\/\/www.xn--die-pfeffermhlen-uzb.de\/wp-content\/uploads\/2014\/08\/IMG_3834-150x150.jpeg\" alt=\"\" width=\"150\" height=\"150\" srcset=\"https:\/\/www.xn--die-pfeffermhlen-uzb.de\/wp-content\/uploads\/2014\/08\/IMG_3834-150x150.jpeg 150w, https:\/\/www.xn--die-pfeffermhlen-uzb.de\/wp-content\/uploads\/2014\/08\/IMG_3834-100x100.jpeg 100w\" sizes=\"(max-width: 150px) 100vw, 150px\" \/><\/a>Ihre M\u00fchlenwunder haben unserer Familie an Weihnachten sehr viel Freude gemacht. Es war ein veritables Pfefferfest, jeder\/jede durfte sich seine\/ihre M\u00fchle aussuchen. Frau K, Febr. 2021<br \/>\n&#8230;<br \/>\nWir sind schlichtweg beeindruckt und begeistert und freuen uns von ganzem Herzen \u00fcber diese Super Arbeit! Bis ins kleinste Detail perfekt! Herr G. aus Schenefeld, Juni 2020<\/div>\n<\/div>\n<p>&#8230;<br \/>\nDie M\u00fchle aus Eibenholz ist heute angekommen. Vielen, vielen Dank f\u00fcr die wahnsinnig schnelle Lieferung. Die M\u00fchle ist wirklich wundersch\u00f6n &#8211; Sie machen eine tolle Arbeit, die jeden Euro Wert ist. Frau H. aus Magdeburg, Okt. 2019<br \/>\n&#8230;<\/p>\n<p>Mit Spannung habe ich das Eintreffen der bestellten Gew\u00fcrzm\u00fchle erwartet. Ich muss ohne \u00dcbertreibung sagen, dass das Produkt meine Erwartungen in allen Punkten weit \u00fcbertroffen hat. Dies bezieht sich auf Optik, Funktionalit\u00e4t und auch auf die Haptik. Sicherlich bekomme ich in keinem Gesch\u00e4ft eine \u00e4hnliche Qualit\u00e4t. Einfach wundersch\u00f6n und f\u00fcr viele Jahre gemacht. Herr D. aus Hannover, M\u00e4rz 2019<br \/>\n&#8230;<\/p>\n<p>Die M\u00fchlen sind gestern bei uns angekommen und ich m\u00f6chte mich f\u00fcr ihre Kulanz und die ausgezeichnete Arbeit ausdr\u00fccklich bedanken. Als Kunde kann man sich wirklich gl\u00fccklich sch\u00e4tzen, dass es solche H\u00e4ndler wie sie heutzutage noch gibt. Herr B. aus Leverkusen, Okt. 2018<br \/>\n&#8230;<\/p>\n<p>Die M\u00fchle ist angekommen und sie ist wundersch\u00f6n! Bis zum Verschenken habe ich sie auf dem Sideboard stehen und schaue sie immer wieder an. Frau L. aus Weil, April 2018<br \/>\n&#8230;<\/p>\n<p><a href=\"http:\/\/www.xn--die-pfeffermhlen-uzb.de\/wp-content\/uploads\/2014\/08\/8001c-Olive-8002c-Olivenholz.jpg\"><img decoding=\"async\" loading=\"lazy\" class=\"alignleft wp-image-4715\" title=\"Woodandform Pfefferm\u00fchlen aus Olivenholz\" src=\"http:\/\/www.xn--die-pfeffermhlen-uzb.de\/wp-content\/uploads\/2014\/08\/8001c-Olive-8002c-Olivenholz-210x300.jpg\" alt=\"Woodandform Pfefferm\u00fchlen aus Olivenholz\" width=\"170\" height=\"243\" srcset=\"https:\/\/www.xn--die-pfeffermhlen-uzb.de\/wp-content\/uploads\/2014\/08\/8001c-Olive-8002c-Olivenholz-210x300.jpg 210w, https:\/\/www.xn--die-pfeffermhlen-uzb.de\/wp-content\/uploads\/2014\/08\/8001c-Olive-8002c-Olivenholz-350x500.jpg 350w, https:\/\/www.xn--die-pfeffermhlen-uzb.de\/wp-content\/uploads\/2014\/08\/8001c-Olive-8002c-Olivenholz-500x714.jpg 500w, https:\/\/www.xn--die-pfeffermhlen-uzb.de\/wp-content\/uploads\/2014\/08\/8001c-Olive-8002c-Olivenholz-63x90.jpg 63w, https:\/\/www.xn--die-pfeffermhlen-uzb.de\/wp-content\/uploads\/2014\/08\/8001c-Olive-8002c-Olivenholz-245x350.jpg 245w, https:\/\/www.xn--die-pfeffermhlen-uzb.de\/wp-content\/uploads\/2014\/08\/8001c-Olive-8002c-Olivenholz.jpg 560w\" sizes=\"(max-width: 170px) 100vw, 170px\" \/><\/a>Wollte nur kurz mitteilen, da\u00df Ihre M\u00fchlen ganz besonders sind &#8211; ich glaube sogar beide aus dem selben St\u00fcck Olivenholz &#8211; und ich mich sehr dar\u00fcber freue. Man sieht sehr deutlich und sehr sch\u00f6n die Struktur von <a href=\"http:\/\/www.die-pfefferm\u00fchlen.de\/die-woodandform-pfeffermuehle-aus-seltenem-holz\/olivenholz\/\"><strong>Olivenholz<\/strong><\/a> und auch wie schwierig es ist, dieses Holz zu bearbeiten. H\u00e4lt man sie gegen Licht, str\u00f6mt dieses sogar hier und dort durch winzige Astl\u00f6cher. Herr S. aus Ulm, Feb. 2018<br \/>\n&#8230;<\/p>\n<p>Am 26. August haben wir auf dem Markt in Konstanz zwei Pfefferm\u00fchlen gekauft, die seitdem in unseren beiden Haushalten ein absolutes Highlight sind. Sie sind nicht mehr wegzudenken; wir sind von der Perfektion restlos begeistert. Kompliment f\u00fcr Ihre Idee. Es ist die pure Freude, die Sch\u00f6nheit dieser M\u00fchlen zu bestaunen und sie t\u00e4glich einzusetzen. Wir konnten uns in Konstanz denn auch nur sehr schwer entscheiden; am liebsten h\u00e4tten wir Ihr ganzes Sortiment gekauft!<br \/>\nFrau K. und Herr S. aus Konstanz, Okt. 2017<br \/>\n&#8230;<\/p>\n<p>Wir freuen uns sehr an den wundersch\u00f6nen M\u00fchlen, die heute wohlbehalten hier in Xanten angekommen sind. Richtige Schmuckst\u00fccke und tolle Handwerkskunst! Herr L. aus Xanten, Aug. 2017<br \/>\n&#8230;<\/p>\n<p>Beide M\u00fchlen sind heute wohlbehalten angekommen und erf\u00fcllen voll und ganz die Erwartungen. Absolut tolle Produkte &#8211; machen Sie weiter so &#8211; da gibt es genug Menschen, die sich an soetwas erfreuen k\u00f6nnen. Herr B. aus Bremen, M\u00e4rz 2016<br \/>\n&#8230;<\/p>\n<p>Als stolzer Besitzer der Wildolive und der <a href=\"http:\/\/www.die-pfefferm\u00fchlen.de\/die-woodandform-pfeffermuehle-aus-seltenem-holz\/ulmenholz\/\">Ulme Maserknolle<\/a> muss ich sagen, diese zwei M\u00fchlen sind wirklich au\u00dfergew\u00f6hnlich sch\u00f6n. Ich erfreue mich jedes Mal \u00fcber deren Anblick. Gerne empfehle ich ihre Arbeit und M\u00fchlen weiter und wir h\u00f6ren uns bestimmt wieder. W\u00fcnsche ihnen alles Gute und noch mal herzlichen Dank. Gr\u00fc\u00dfe aus Niedersachsen, Herr F. M\u00e4rz 2016<br \/>\n&#8230;<\/p>\n<p><a href=\"http:\/\/www.xn--die-pfeffermhlen-uzb.de\/wp-content\/uploads\/2014\/08\/Woodandform_Salz-und_Pfefferm\u00fchlen1.jpg\"><img decoding=\"async\" loading=\"lazy\" class=\"alignleft wp-image-3391 size-thumbnail\" title=\"Woodandform Salz- und Pfefferm\u00fchlen\" src=\"http:\/\/www.xn--die-pfeffermhlen-uzb.de\/wp-content\/uploads\/2014\/08\/Woodandform_Salz-und_Pfefferm\u00fchlen1-150x150.jpg\" alt=\"Woodandform Salz- und Pfefferm\u00fchlen\" width=\"150\" height=\"150\" srcset=\"https:\/\/www.xn--die-pfeffermhlen-uzb.de\/wp-content\/uploads\/2014\/08\/Woodandform_Salz-und_Pfefferm\u00fchlen1-150x150.jpg 150w, https:\/\/www.xn--die-pfeffermhlen-uzb.de\/wp-content\/uploads\/2014\/08\/Woodandform_Salz-und_Pfefferm\u00fchlen1-100x100.jpg 100w\" sizes=\"(max-width: 150px) 100vw, 150px\" \/><\/a>Diese Birkenm\u00fchle gef\u00e4llt mir in der Tat ausnehmend gut, Proportion stimmt, Farbe stimmt, und auch das geschwungene Rindenst\u00fcck am Kopf ist super. Es hat sich wirklich gelohnt, hier das Ergebnis. Vielen Dank noch mal f\u00fcr Ihre Beratung. Herr H. aus M\u00fcnster, M\u00e4rz 2016<br \/>\n&#8230;<\/p>\n<p>Soeben habe ich die M\u00fchlen bekommen. Ich danke Ihnen f\u00fcr die effiziente Abwicklung meiner Bestellung. Die M\u00fchlen sind wundersch\u00f6n angefertigt! Bin sehr begeistert und freue mich schon jetzt diese M\u00fchlen zu verschenken. Frau H. aus Weil am Rhein, Febr. 2016<br \/>\n&#8230;<\/p>\n<p>Habe soeben die M\u00fchlen erhalten. Vielen lieben Dank f\u00fcr die schnelle Bearbeitung. Die M\u00fchlen sind einfach nur traumhaft, tolles Handwerk \ud83d\ude42 W\u00fcnsche Ihnen weiterhin sehr gute Gesch\u00e4fte. Ich werde Sie auf jeden Fall weiterempfehlen.<br \/>\nFrau B. aus R\u00f6dental Febr. 2016<br \/>\n&#8230;<\/p>\n<p>Vielen Dank f\u00fcr die schnelle Lieferung, hat alles wunderbar geklappt. Mein Mann ist ganz begeistert von der M\u00fchle und auch ich finde sie wundersch\u00f6n. Sie wird heute Abend gleich eingeweiht. Nochmals Danke und weiterhin viel Erfolg mit Ihrer M\u00fchlenManufaktur. Frau J. aus Wiesbaden, Jan. 2016<br \/>\n&#8230;<\/p>\n<p>Eure M\u00fchle hat, wie nicht anders zu erwarten war, meine K\u00fcche erobert und regiert seither wie eine kleine K\u00f6nigin an diesem Platz. Herr D. August 2015<br \/>\n&#8230;<\/p>\n<p>Juhu ! Die M\u00fchlen sind angekommen. Ganz prima und ich behalte alle vier. Ich empfehle Sie gern weiter. Mfg&#8230; Herr K. aus Hamburg, Juni 2015<br \/>\n&#8230;<\/p>\n<p>Vorgestern war ich noch im hiesigen WMF-Laden und wollte mir eine neue Pfefferm\u00fchle kaufen. Jetzt, wo ich Ihre Seite im Internet gefunden habe, bin ich froh, dass ich es nicht gemacht habe. Ihre Unikate sind einfach sensationell! Etwas anderes kommt nun nicht mehr auf den Tisch. Herr W. aus Fuerth, Dez. 2014<br \/>\n&#8230;<\/p>\n<p>Am Samstag habe ich bei Ihnen eine M\u00fchle gekauft \u2013 alle bewundern sie! Frau Th. aus Bernau a. Chiemsee, Nov. 2014<br \/>\n&#8230;<\/p>\n<p>Betreff &#8220;Traumpaar&#8221; Liebe K\u00fcnstler! Die M\u00fchlen sind ein Highlight auf unserer Theke. Wir hatten zwar schon ein bisschen Bauchgrimmen auf der R\u00fcckfahrt; so schnell mal Euro 400,00 auf den Tisch zu legen, aber die M\u00fchlen sind es wirklich wert. Man f\u00fchlt die Hingabe zum Holz und zu der Arbeit. Sie sind wirklich einzigartig und ein richtiges Schmuckst\u00fcck. \u00dcbrigens haben wir noch nie einen so mega Pfeffer gegessen. Das Salz ist auch einmalig. Wir freuen uns riesig. Vielen Dank. Frau N., Juni 2014<br \/>\n&#8230;<\/p>\n<p>Die M\u00fchlen sind heute eingetroffen. Es ist wirklich ein bezauberndes Paar! Frau P. aus Amsterdam, Juni 2014<br \/>\n&#8230;<\/p>\n<p>Ich habe eure M\u00fchlen beim letzten Markt in Herrsching bewundert und w\u00fcrde meiner Frau gerne eine zum Geburtstag schenken. Herr B., Juni 2014<br \/>\n&#8230;<\/p>\n<p>Die beiden M\u00fchlen (Ulme und Spreitling) machen uns viel Freude \ud83d\ude42 Frau G., Mai 2014<br \/>\n&#8230;<\/p>\n<p><a href=\"http:\/\/www.xn--die-pfeffermhlen-uzb.de\/wp-content\/uploads\/2014\/08\/Woodandform-Salz-und-Pfeffermuehle-e1434459809766.jpeg\"><img decoding=\"async\" loading=\"lazy\" class=\"alignleft size-medium wp-image-2733\" src=\"http:\/\/www.xn--die-pfeffermhlen-uzb.de\/wp-content\/uploads\/2014\/08\/Woodandform-Salz-und-Pfeffermuehle-e1434459809766-300x218.jpeg\" alt=\"Woodandform Salz- und Pfeffermuehle\" width=\"300\" height=\"218\" srcset=\"https:\/\/www.xn--die-pfeffermhlen-uzb.de\/wp-content\/uploads\/2014\/08\/Woodandform-Salz-und-Pfeffermuehle-e1434459809766-300x218.jpeg 300w, https:\/\/www.xn--die-pfeffermhlen-uzb.de\/wp-content\/uploads\/2014\/08\/Woodandform-Salz-und-Pfeffermuehle-e1434459809766-350x254.jpeg 350w, https:\/\/www.xn--die-pfeffermhlen-uzb.de\/wp-content\/uploads\/2014\/08\/Woodandform-Salz-und-Pfeffermuehle-e1434459809766-500x363.jpeg 500w, https:\/\/www.xn--die-pfeffermhlen-uzb.de\/wp-content\/uploads\/2014\/08\/Woodandform-Salz-und-Pfeffermuehle-e1434459809766-90x65.jpeg 90w, https:\/\/www.xn--die-pfeffermhlen-uzb.de\/wp-content\/uploads\/2014\/08\/Woodandform-Salz-und-Pfeffermuehle-e1434459809766.jpeg 525w\" sizes=\"(max-width: 300px) 100vw, 300px\" \/><\/a><\/p>\n<p>Die M\u00fchlen sehen sehr sch\u00f6n auf unserem Esstisch aus, sie sind kleine Kunstwerke insbesondere die Wacholderm\u00fchle. Frau B., Mai 2014<br \/>\n&#8230;<\/p>\n<p>Ich habe 2 wundersch\u00f6ne M\u00fchle auf der <a href=\"http:\/\/www.xn--die-pfeffermhlen-uzb.de\/aktuelles\/\"><strong>Herrmannsdorfer Markt<\/strong><\/a> gekauft&#8230; Frau D., Mai 2014<br \/>\n&#8230;<\/p>\n<p>Mit den beiden M\u00fchlen sind wir richtig gl\u00fccklich, haben f\u00fcr uns genau die richtigen gefunden &#8211; DANKE Frau D., Mai 1014<br \/>\n&#8230;<br \/>\nZun\u00e4chst einmal ein riesiges Kompliment f\u00fcr Ihre wundersch\u00f6nen Anfertigungen von Pfeffer-\/Salzm\u00fchlen. Wir sind auf der Suche nach speziellen M\u00fchlen und waren fasziniert von Ihren Kunstwerken. Frau W., April 2014<br \/>\n&#8230;<\/p>\n<p>besten Dank f\u00fcr die zeitgerechte Lieferung. Die M\u00fchle als Erg\u00e4nzung zur Anderen ist perfekt! Super Qualit\u00e4t und super Service &#8211; zum Weiterempfehlen. Frau H. aus Bingen, April 2014<br \/>\n&#8230;<\/p>\n<p>Viiiiielen Dank f\u00fcr die Pfefferm\u00fchle, sie ist gut angekommen und ist sehr sch\u00f6n. Toll- danke Frau K. aus M\u00fcnster, M\u00e4rz 2014 &#8230;<br \/>\ndank daf\u00fcr dass Sie uns die M\u00fchle einfach schon mitgegeben haben. Wir finden Ihre Arbeit richtig, richtig toll und w\u00fcnschen viel Erfolg damit, viel Freude und ordentlich Umsatz. Frau K. aus M\u00fcnchen, M\u00e4rz 2014<br \/>\n&#8230;<\/p>\n<p>Hallo und guten Tag! Ich habe vor einem Jahr schon eine M\u00fchle von Ihnen an der M\u00fcnchner Freiheit gekauft und bin sehr gl\u00fccklich damit. Nun will ich wieder zuschlagen (Salzm\u00fchle und noch eine Pfefferm\u00fchle). Herr S. aus M\u00fcnchen, M\u00e4rz 2014<br \/>\n&#8230;<\/p>\n<p>das P\u00e4ckchen ist gut und rechtzeitig angekommen\u00a0 &#8211; und besten Dank f\u00fcr das Salz! Das Geschenk hat so eingeschlagen, dass jetzt eine weitere M\u00fchle ins Haus soll. Herr K. Pfaffst\u00e4tten, \u00d6stereich, M\u00e4rz 2014<br \/>\n&#8230;<\/p>\n<p>durch einen Artikel im Magazin \u201eEssen und Trinken\u201c sind wir auf Ihre exklusive M\u00fchlen Manufaktur aufmerksam geworden. Frau S. aus Schliersee, Febr. 2014<br \/>\n&#8230;<\/p>\n<p>vielen Dank f\u00fcr die schnelle Lieferung. Die M\u00fchle ist ein Prachtst\u00fcck. Frau U., Dez. 2013<br \/>\n&#8230;<\/p>\n<p>Hallo Frau Leiteritz, Hallo Herr Herzig Dieses Modell hatte ich mir aus ihrem tollen Angebot ausgesucht: Buche gestockt, Waldfundst\u00fcck nahe Kirchsee, Holzkirchen, assoziative R\u00fcckseite. Ich habe schon ein wundersch\u00f6nes Modell von ihnen mit dem ich sehr zufrieden bin und das ich stets gerne in die Hand nehme. Beste Gr\u00fc\u00dfe Herr G. aus Windach, Dez. 2013<br \/>\n&#8230;<\/p>\n<p><a href=\"http:\/\/www.xn--die-pfeffermhlen-uzb.de\/wp-content\/uploads\/2015\/08\/Pfeffer-Salz-Gew\u00fcrzmuehlen-Sammlung-e1434459947819.jpeg\"><img decoding=\"async\" loading=\"lazy\" class=\"alignleft wp-image-1224 size-medium\" src=\"http:\/\/www.xn--die-pfeffermhlen-uzb.de\/wp-content\/uploads\/2015\/08\/Pfeffer-Salz-Gew\u00fcrzmuehlen-Sammlung-e1434459947819.jpeg\" alt=\"Woodandform Pfefferm\u00fchlen Konvolut\" width=\"300\" height=\"201\" \/><\/a>(Dieses Foto Ihrer Woodandform Salz-, Pfeffer- und Gew\u00fcrzm\u00fchlen-Sammlung schickte eine begeisterte Kundin)<\/p>\n<p>&#8230;<\/p>\n<p>Hallo, habe Ihre Seite gefunden und bin absolut angetan von euren sch\u00f6nen M\u00fchlen. Interesse habe ich z.B. m Modell 3067 Apfel ist diese noch zu haben. Interessiert bin ich an einheimischen H\u00f6lzern gern auch etwas ausgefallen. Herr T., Dez. 2013<\/p>\n<p>&#8230;<\/p>\n<p>Hallo Herr Herzig, die am Samstag gekaufte M\u00fchle von ihnen ist supersch\u00f6n, gerne m\u00f6chten wir noch eine zweite in gleicher Gr\u00f6\u00dfe aber hellem Holz nachbestellen. Beste Gr\u00fc\u00dfe Herr H., Dez. 2013<br \/>\n&#8230;<\/p>\n<p>Hallo liebe Frau Leiteritz, hallo lieber Herr Herzig, ganz fest habe ich Ihnen recht viele weitere K\u00e4ufer Ihrer einmalig wundersch\u00f6nen M\u00fchlen gew\u00fcnscht. Denn die, die ich gestern auf dem Weihnachtsmarkt in den Herrmannsdorfer Landwerkst\u00e4tten erworben habe, gef\u00e4llt mir sehr und bereitet mir gro\u00dfe Freude. Sie ist einfach perfekt in Farbgebung, Form und Funktion. Was Sie aus Ihrer M\u00fcnchner <a href=\"http:\/\/www.xn--die-pfeffermhlen-uzb.de\/die-woodandform-pfeffermuehle-aus-seltenem-holz\/eibenholz\/\"><strong>Eibe<\/strong><\/a> mit sicherlich viel Hingebung, gro\u00dfer Freude, aber auch der n\u00f6tigen Zeit geschaffen haben, begeistert mich wirklich sehr! Nicht nur das, was meine Augen erblicken: warme T\u00f6ne in Orange, Beige, Braun oder die Stellen in Magenta. Das hat mich gestern in einem Sekundenbruchteil f\u00fcr diese M\u00fchle faszinierend &#8220;ergriffen&#8221;. Sondern auch die Haptik in absolut glatt geschliffenem Holz, gepaart mit den beiden Stellen (oben und unten), die meine Finger zum Spielen suchen. Jetzt kann ich mir meine bunten Salate oder ein sch\u00f6nes St\u00fcck Fleisch mit Pfeffer noch schmackhafter zubereiten. Na und weil sie so sch\u00f6n aussieht, ist meine K\u00fcche gleich mit &#8220;aufgewertet&#8221;. Herr L. aus Bendorf, Dez. 2013<br \/>\n&#8230;<\/p>\n<p>Gr\u00fcezi mitenand, vielen Dank f\u00fcr Ihre Bem\u00fchungen. Ja &#8211; ich habe die M\u00fchle auch in der Galerie angeschaut. Sie ist perfekt &#8211; quasi Liebe auf den ersten Blick&#8230; Gerne w\u00fcrden wir uns auch den Bio &#8211; Tellicherry Pfeffer ausprobieren. Beste und sonnige Gr\u00fcsse aus den Bergen Frau G. Schweiz, Nov. 2013<br \/>\n&#8230;<\/p>","protected":false},"excerpt":{"rendered":"<p>Sorry, this entry is only available in German. For the sake of viewer convenience, the content is shown below in the alternative language. You may click the link to switch the active language. Wir freuen uns sehr \u00fcber die Feedbacks unserer Kunden: \u201eIch habe mich ja lange durch die sch\u00f6nsten Pfefferm\u00fchlen der Welt gew\u00fchlt und [&hellip;]<\/p>\n","protected":false},"author":2,"featured_media":0,"parent":2055,"menu_order":1,"comment_status":"closed","ping_status":"closed","template":"","meta":[],"_links":{"self":[{"href":"https:\/\/www.xn--die-pfeffermhlen-uzb.de\/en\/wp-json\/wp\/v2\/pages\/1190"}],"collection":[{"href":"https:\/\/www.xn--die-pfeffermhlen-uzb.de\/en\/wp-json\/wp\/v2\/pages"}],"about":[{"href":"https:\/\/www.xn--die-pfeffermhlen-uzb.de\/en\/wp-json\/wp\/v2\/types\/page"}],"author":[{"embeddable":true,"href":"https:\/\/www.xn--die-pfeffermhlen-uzb.de\/en\/wp-json\/wp\/v2\/users\/2"}],"replies":[{"embeddable":true,"href":"https:\/\/www.xn--die-pfeffermhlen-uzb.de\/en\/wp-json\/wp\/v2\/comments?post=1190"}],"version-history":[{"count":89,"href":"https:\/\/www.xn--die-pfeffermhlen-uzb.de\/en\/wp-json\/wp\/v2\/pages\/1190\/revisions"}],"predecessor-version":[{"id":8634,"href":"https:\/\/www.xn--die-pfeffermhlen-uzb.de\/en\/wp-json\/wp\/v2\/pages\/1190\/revisions\/8634"}],"up":[{"embeddable":true,"href":"https:\/\/www.xn--die-pfeffermhlen-uzb.de\/en\/wp-json\/wp\/v2\/pages\/2055"}],"wp:attachment":[{"href":"https:\/\/www.xn--die-pfeffermhlen-uzb.de\/en\/wp-json\/wp\/v2\/media?parent=1190"}],"curies":[{"name":"wp","href":"https:\/\/api.w.org\/{rel}","templated":true}]}}